{"id":5574,"date":"2016-12-03T15:44:41","date_gmt":"2016-12-03T15:44:41","guid":{"rendered":"http:\/\/demo.wpzoom.com\/inspiro\/?page_id=5574"},"modified":"2024-06-13T13:40:13","modified_gmt":"2024-06-13T13:40:13","slug":"mitwirkende","status":"publish","type":"page","link":"https:\/\/courage-buendnis.de\/index.php\/mitwirkende\/","title":{"rendered":"Mitwirkende"},"content":{"rendered":"\t\t<div data-elementor-type=\"wp-page\" data-elementor-id=\"5574\" class=\"elementor elementor-5574\">\n\t\t\t\t\t\t<section class=\"elementor-section elementor-top-section elementor-element elementor-element-9c6cad0 elementor-section-boxed elementor-section-height-default elementor-section-height-default\" data-id=\"9c6cad0\" data-element_type=\"section\" data-e-type=\"section\" data-settings=\"{&quot;background_background&quot;:&quot;classic&quot;}\">\n\t\t\t\t\t\t<div class=\"elementor-container elementor-column-gap-default\">\n\t\t\t\t\t<div class=\"elementor-column elementor-col-100 elementor-top-column elementor-element elementor-element-b6a7164\" data-id=\"b6a7164\" data-element_type=\"column\" data-e-type=\"column\">\n\t\t\t<div class=\"elementor-widget-wrap elementor-element-populated\">\n\t\t\t\t\t\t<div class=\"elementor-element elementor-element-dfd596e elementor-widget elementor-widget-spacer\" data-id=\"dfd596e\" data-element_type=\"widget\" data-e-type=\"widget\" data-widget_type=\"spacer.default\">\n\t\t\t\t<div class=\"elementor-widget-container\">\n\t\t\t\t\t\t\t<div class=\"elementor-spacer\">\n\t\t\t<div class=\"elementor-spacer-inner\"><\/div>\n\t\t<\/div>\n\t\t\t\t\t\t<\/div>\n\t\t\t\t<\/div>\n\t\t\t\t\t<\/div>\n\t\t<\/div>\n\t\t\t\t\t<\/div>\n\t\t<\/section>\n\t\t\t\t<section class=\"elementor-section elementor-top-section elementor-element elementor-element-554b219 elementor-section-boxed elementor-section-height-default elementor-section-height-default\" data-id=\"554b219\" data-element_type=\"section\" data-e-type=\"section\" data-settings=\"{&quot;background_background&quot;:&quot;classic&quot;}\">\n\t\t\t\t\t\t<div class=\"elementor-container elementor-column-gap-default\">\n\t\t\t\t\t<div class=\"elementor-column elementor-col-25 elementor-top-column elementor-element elementor-element-7de6f3c\" data-id=\"7de6f3c\" data-element_type=\"column\" data-e-type=\"column\">\n\t\t\t<div class=\"elementor-widget-wrap elementor-element-populated\">\n\t\t\t\t\t\t<div class=\"elementor-element elementor-element-12bc418 elementor-widget elementor-widget-wpzoom-elementor-addons-team-members\" data-id=\"12bc418\" data-element_type=\"widget\" data-e-type=\"widget\" data-widget_type=\"wpzoom-elementor-addons-team-members.default\">\n\t\t\t\t<div class=\"elementor-widget-container\">\n\t\t\t\t\t\n\t\t\t\t\t<figure class=\"wpz-member-figure\">\n\t\t\t\t<img fetchpriority=\"high\" decoding=\"async\" width=\"300\" height=\"300\" src=\"https:\/\/courage-buendnis.de\/wp-content\/uploads\/2022\/05\/CBK_Logokachel_JuPa_KL_neu-300x300.png\" class=\"elementor-animation-disable-animation attachment-medium size-medium wp-image-7265\" alt=\"\" srcset=\"https:\/\/courage-buendnis.de\/wp-content\/uploads\/2022\/05\/CBK_Logokachel_JuPa_KL_neu.png 300w, https:\/\/courage-buendnis.de\/wp-content\/uploads\/2022\/05\/CBK_Logokachel_JuPa_KL_neu-150x150.png 150w\" sizes=\"100vw\" \/>\t\t\t<\/figure>\n\t\t\n\t\t<div class=\"wpz-member-body\">\n\t\t\t<h2 class=\"wpz-member-name\">Jugendparlament <br>der Stadt KL<\/h2>\n\t\t\t\n\t\t\t\t\t\t\t<div class=\"wpz-member-bio\">\n\t\t\t\t\t<p>Das Jugendparlament ist die direkte Interessenvertretung aller jungen Menschen in der Stadt Kaiserslautern. Aktuell setzt es sich aus 18 Jugendlichen zusammen. \u00dcber ein Delegationsverfahren entsenden alle weiterf\u00fchrenden Schulen in Kaiserslautern mindestens eine und maximal vier Personen. Das JuPa hat die Aufgabe, sich f\u00fcr die Interessen und Bed\u00fcrfnisse m\u00f6glichst aller jungen Menschen in Kaiserslautern einzusetzen und deren Belange aktiv gegen\u00fcber Verwaltung und Politik zu vertreten. Im Courage-B\u00fcndnis ist das Jugendparlament seit Gr\u00fcndung vertreten. Aktuell sind Lena Wilking  und Paul Wei\u00df als Vorsitzende aktiv. <\/p>\n\t\t\t\t<\/div>\n\t\t\t\n\t\t\t<a class=\"ha-btn ha-btn--link\" href=\"https:\/\/www.kaiserslautern.de\/buerger_rathaus_politik\/politik\/beiraete_und_vertretungen\/jugendvertretung\/index.html.de#\" target=\"_blank\"><span class=\"ha-btn-text\">Webseite<\/span><\/a>\n\t\t\t\t\t\t\t<div class=\"wpz-member-links\">\n\t\t\t\t\t<a target=\"_blank\" rel=\"noopener\" href=\"https:\/\/www.kaiserslautern.de\/buerger_rathaus_politik\/politik\/beiraete_und_vertretungen\/jugendvertretung\/index.html.de\" class=\"elementor-repeater-item-08255c7\"><i class=\"fa-globe fa\" aria-hidden=\"true\"><\/i><\/a><a target=\"_blank\" rel=\"noopener\" href=\"https:\/\/www.facebook.com\/jupakl\" class=\"elementor-repeater-item-7b0ef11\"><i class=\"fa-facebook fab\" aria-hidden=\"true\"><\/i><\/a>\t\t\t\t<\/div>\n\t\t\t\n\t\t\t\t\t<\/div>\n\t\t\t\t\t\t<\/div>\n\t\t\t\t<\/div>\n\t\t\t\t\t<\/div>\n\t\t<\/div>\n\t\t\t\t<div class=\"elementor-column elementor-col-25 elementor-top-column elementor-element elementor-element-20d0d81\" data-id=\"20d0d81\" data-element_type=\"column\" data-e-type=\"column\">\n\t\t\t<div class=\"elementor-widget-wrap elementor-element-populated\">\n\t\t\t\t\t\t<div class=\"elementor-element elementor-element-c2caf85 elementor-widget elementor-widget-wpzoom-elementor-addons-team-members\" data-id=\"c2caf85\" data-element_type=\"widget\" data-e-type=\"widget\" data-widget_type=\"wpzoom-elementor-addons-team-members.default\">\n\t\t\t\t<div class=\"elementor-widget-container\">\n\t\t\t\t\t\n\t\t\t\t\t<figure class=\"wpz-member-figure\">\n\t\t\t\t<img decoding=\"async\" width=\"300\" height=\"300\" src=\"https:\/\/courage-buendnis.de\/wp-content\/uploads\/2022\/05\/CBK_Logokachel_Schule_ohne_Rassismus-1-300x300.png\" class=\"elementor-animation-disable-animation attachment-medium size-medium wp-image-6704\" alt=\"\" srcset=\"https:\/\/courage-buendnis.de\/wp-content\/uploads\/2022\/05\/CBK_Logokachel_Schule_ohne_Rassismus-1.png 300w, https:\/\/courage-buendnis.de\/wp-content\/uploads\/2022\/05\/CBK_Logokachel_Schule_ohne_Rassismus-1-150x150.png 150w\" sizes=\"100vw\" \/>\t\t\t<\/figure>\n\t\t\n\t\t<div class=\"wpz-member-body\">\n\t\t\t<h2 class=\"wpz-member-name\">Schule ohne Rassismus<\/h2>\n\t\t\t\n\t\t\t\t\t\t\t<div class=\"wpz-member-bio\">\n\t\t\t\t\t<p>In Kaiserslautern hat sich eine Steuerungsgruppe \u201eSchule ohne Rassismus \u2013 Schule mit Courage\u201c aus engagierten Sch\u00fcler*innen zusammen gefunden. \nDiese kommen aus verschiedenen Schulen der Stadt und engagieren sich ebenfalls bei Aktionen des Courage-B\u00fcndnis.\nAu\u00dferdem ist Annette Tinschert als Regionalkoordinatorin und Ansprechpartnerin der Schulen in unserem B\u00fcndnis engagiert.<\/p>\n\t\t\t\t<\/div>\n\t\t\t\n\t\t\t\n\t\t\t\t\t\t\t<div class=\"wpz-member-links\">\n\t\t\t\t\t<a target=\"_blank\" rel=\"noopener\" href=\"https:\/\/www.instagram.com\/schuleohnerassismus.kl\/?igshid=YmMyMTA2M2Y%3D\" class=\"elementor-repeater-item-7faa19b\"><i class=\"fa-instagram fab\" aria-hidden=\"true\"><\/i><\/a>\t\t\t\t<\/div>\n\t\t\t\n\t\t\t<a class=\"ha-btn ha-btn--link\" href=\"https:\/\/www.schule-ohne-rassismus.org\/\" target=\"_blank\"><span class=\"ha-btn-text\">Webseite<\/span><\/a>\t\t<\/div>\n\t\t\t\t\t\t<\/div>\n\t\t\t\t<\/div>\n\t\t\t\t\t<\/div>\n\t\t<\/div>\n\t\t\t\t<div class=\"elementor-column elementor-col-25 elementor-top-column elementor-element elementor-element-81617bb\" data-id=\"81617bb\" data-element_type=\"column\" data-e-type=\"column\">\n\t\t\t<div class=\"elementor-widget-wrap elementor-element-populated\">\n\t\t\t\t\t\t<div class=\"elementor-element elementor-element-da782ec elementor-widget elementor-widget-wpzoom-elementor-addons-team-members\" data-id=\"da782ec\" data-element_type=\"widget\" data-e-type=\"widget\" data-widget_type=\"wpzoom-elementor-addons-team-members.default\">\n\t\t\t\t<div class=\"elementor-widget-container\">\n\t\t\t\t\t\n\t\t\t\t\t<figure class=\"wpz-member-figure\">\n\t\t\t\t<img decoding=\"async\" width=\"300\" height=\"300\" src=\"https:\/\/courage-buendnis.de\/wp-content\/uploads\/2022\/05\/CBK_Logokachel_Kreisjugendpflege_neu-300x300.png\" class=\"elementor-animation-disable-animation attachment-medium size-medium wp-image-6929\" alt=\"\" srcset=\"https:\/\/courage-buendnis.de\/wp-content\/uploads\/2022\/05\/CBK_Logokachel_Kreisjugendpflege_neu.png 300w, https:\/\/courage-buendnis.de\/wp-content\/uploads\/2022\/05\/CBK_Logokachel_Kreisjugendpflege_neu-150x150.png 150w\" sizes=\"100vw\" \/>\t\t\t<\/figure>\n\t\t\n\t\t<div class=\"wpz-member-body\">\n\t\t\t<h2 class=\"wpz-member-name\">Kreisjugendpflege, Landkreis KL<\/h2>\n\t\t\t\n\t\t\t\t\t\t\t<div class=\"wpz-member-bio\">\n\t\t\t\t\t<p>Die Kreisjugendpflege f\u00f6rdert durch Fachberatung der Schul- und Jugendsozialarbeit, finanzielle Unterst\u00fctzung von Vereinen und Verb\u00e4nden, durch Angebote und Austausch die Entwicklung und Erziehung junger Menschen.\nSie kn\u00fcpft an den Interessen junger Menschen an und will in den einzelnen Zugangsbereichen zur gesellschaftlichen Mitverantwortung und sozialem Engagement anregen.\nAufgabenfelder sind:\n- Fachaufsicht und Ansprechpartner f\u00fcr die Schulsozialarbeit im Landkreis\tKoordination und Fachberatung f\u00fcr die Jugendsozialarbeit im Landkreis\n- Zusammenarbeit mit dem Kreisjugendring\n- Netzwerkarbeit und Abrechnungen in der Au\u00dferschulische Jugendbildung\n- Pr\u00e4vention\n- Demokratiebildung\n- Elternarbeit\n- Austausch und Zusammenarbeit in verschiedenen Netzwerken<\/p>\n\t\t\t\t<\/div>\n\t\t\t\n\t\t\t<a class=\"ha-btn ha-btn--link\" href=\"https:\/\/www.kaiserslautern-kreis.de\/buergerservicemodul\/abteilungen\/RLP:department:358528\/abteilung-4-jugend-und-soziales\/\" target=\"_blank\"><span class=\"ha-btn-text\">Webseite<\/span><\/a>\n\t\t\t\n\t\t\t\t\t<\/div>\n\t\t\t\t\t\t<\/div>\n\t\t\t\t<\/div>\n\t\t\t\t\t<\/div>\n\t\t<\/div>\n\t\t\t\t<div class=\"elementor-column elementor-col-25 elementor-top-column elementor-element elementor-element-d0c968e\" data-id=\"d0c968e\" data-element_type=\"column\" data-e-type=\"column\">\n\t\t\t<div class=\"elementor-widget-wrap elementor-element-populated\">\n\t\t\t\t\t\t<div class=\"elementor-element elementor-element-947fd26 elementor-widget elementor-widget-wpzoom-elementor-addons-team-members\" data-id=\"947fd26\" data-element_type=\"widget\" data-e-type=\"widget\" data-widget_type=\"wpzoom-elementor-addons-team-members.default\">\n\t\t\t\t<div class=\"elementor-widget-container\">\n\t\t\t\t\t\n\t\t\t\t\t<figure class=\"wpz-member-figure\">\n\t\t\t\t<img loading=\"lazy\" decoding=\"async\" width=\"300\" height=\"300\" src=\"https:\/\/courage-buendnis.de\/wp-content\/uploads\/2022\/05\/CBK_Logokachel_Stadtjugendring_KL-300x300.png\" class=\"elementor-animation-disable-animation attachment-medium size-medium wp-image-6731\" alt=\"\" srcset=\"https:\/\/courage-buendnis.de\/wp-content\/uploads\/2022\/05\/CBK_Logokachel_Stadtjugendring_KL.png 300w, https:\/\/courage-buendnis.de\/wp-content\/uploads\/2022\/05\/CBK_Logokachel_Stadtjugendring_KL-150x150.png 150w\" sizes=\"100vw\" \/>\t\t\t<\/figure>\n\t\t\n\t\t<div class=\"wpz-member-body\">\n\t\t\t<h2 class=\"wpz-member-name\">Stadtjugendring e.V.<\/h2>\n\t\t\t\n\t\t\t\t\t\t\t<div class=\"wpz-member-bio\">\n\t\t\t\t\t<p>Der Stadtjugendring Kaiserslautern ist die Dachorganisation aller Jugendorganisationen in Kaiserslautern. Er ist die politische Interessenvertretung f\u00fcr alle Kinder und Jugendlichen, f\u00fcr die Jugendorganisationen und die Jugendarbeit insgesamt.\nEr hat rund 20.000 Mitglieder, die in 16 unterschiedlichen Verb\u00e4nden vertreten sind.\nAus jedem Verband k\u00f6nnen Vertreter*innen in den Vorstand gew\u00e4hlt werden. Dieser trifft sich regelm\u00e4\u00dfig zwischen den Vollversammlungen, um das jeweilige Tagesgesch\u00e4ft zu beraten.\nDer Stadtjugendring ist im Jugendhilfeausschuss der Stadt Kaiserslautern vertreten. Er versucht verbindendes Glied der ganz unterschiedlichen Jugendverb\u00e4nde zu sein und versteht sich als Netzwerk, das sich stark macht f\u00fcr die Jugend der Stadt.\n<\/p>\n\t\t\t\t<\/div>\n\t\t\t\n\t\t\t<a class=\"ha-btn ha-btn--link\" href=\"https:\/\/www.sjr-kl.de\/\" target=\"_blank\"><span class=\"ha-btn-text\">Webseite<\/span><\/a>\n\t\t\t\n\t\t\t\t\t<\/div>\n\t\t\t\t\t\t<\/div>\n\t\t\t\t<\/div>\n\t\t\t\t\t<\/div>\n\t\t<\/div>\n\t\t\t\t\t<\/div>\n\t\t<\/section>\n\t\t\t\t<section class=\"elementor-section elementor-top-section elementor-element elementor-element-36d4efb elementor-section-boxed elementor-section-height-default elementor-section-height-default\" data-id=\"36d4efb\" data-element_type=\"section\" data-e-type=\"section\" data-settings=\"{&quot;background_background&quot;:&quot;classic&quot;}\">\n\t\t\t\t\t\t<div class=\"elementor-container elementor-column-gap-default\">\n\t\t\t\t\t<div class=\"elementor-column elementor-col-25 elementor-top-column elementor-element elementor-element-16abf76\" data-id=\"16abf76\" data-element_type=\"column\" data-e-type=\"column\">\n\t\t\t<div class=\"elementor-widget-wrap elementor-element-populated\">\n\t\t\t\t\t\t<div class=\"elementor-element elementor-element-6f126ac elementor-widget elementor-widget-wpzoom-elementor-addons-team-members\" data-id=\"6f126ac\" data-element_type=\"widget\" data-e-type=\"widget\" data-widget_type=\"wpzoom-elementor-addons-team-members.default\">\n\t\t\t\t<div class=\"elementor-widget-container\">\n\t\t\t\t\t\n\t\t\t\t\t<figure class=\"wpz-member-figure\">\n\t\t\t\t<img loading=\"lazy\" decoding=\"async\" width=\"300\" height=\"300\" src=\"https:\/\/courage-buendnis.de\/wp-content\/uploads\/2022\/08\/CBK_Logokachel_Gemeinsam_gegen_sexualisierte_Gewalt_KL_eV-300x300.png\" class=\"elementor-animation-disable-animation attachment-medium size-medium wp-image-7623\" alt=\"\" srcset=\"https:\/\/courage-buendnis.de\/wp-content\/uploads\/2022\/08\/CBK_Logokachel_Gemeinsam_gegen_sexualisierte_Gewalt_KL_eV.png 300w, https:\/\/courage-buendnis.de\/wp-content\/uploads\/2022\/08\/CBK_Logokachel_Gemeinsam_gegen_sexualisierte_Gewalt_KL_eV-150x150.png 150w\" sizes=\"100vw\" \/>\t\t\t<\/figure>\n\t\t\n\t\t<div class=\"wpz-member-body\">\n\t\t\t<h2 class=\"wpz-member-name\">Gemeinsam gegen sexualisierte Gewalt Kaiserslautern e.V.<\/h2>\n\t\t\t\n\t\t\t\t\t\t\t<div class=\"wpz-member-bio\">\n\t\t\t\t\t<p>Das Erleben von sexualisierter Gewalt f\u00fchrt oft zu langanhaltenden Folgen f\u00fcr die Betroffenen und ist zudem mit einer tiefgreifenden Stigmatisierung und Tabuisierung verbunden. Frauen und M\u00e4dchen sind in besonders hohem Ma\u00df von sexualisierter Gewalt betroffen. F\u00fcr Verbesserungen dieser Situation braucht es ein gemeinsames, mutiges Hinsehen und Handeln! Der Verein setzt sich deshalb f\u00fcr die Einrichtung eines Frauennotrufs - einer spezialisierten Fach- und Beratungsstelle f\u00fcr Frauen und M\u00e4dchen in Kaiserslautern ein. Es ist langfristig auch ein Anliegen des Vereins, allen Betroffenen, unabh\u00e4ngig vom Geschlecht, einen entsprechenden niedrigschwelligen Zugang zu Beratung zu erm\u00f6glichen.<\/p>\n\t\t\t\t<\/div>\n\t\t\t\n\t\t\t\n\t\t\t\n\t\t\t<a class=\"ha-btn ha-btn--link\" href=\"http:\/\/gemeinsam-gegen-sexualisierte-gewalt-kl.de\/\" target=\"_blank\"><span class=\"ha-btn-text\">Webseite<\/span><\/a>\t\t<\/div>\n\t\t\t\t\t\t<\/div>\n\t\t\t\t<\/div>\n\t\t\t\t\t<\/div>\n\t\t<\/div>\n\t\t\t\t<div class=\"elementor-column elementor-col-25 elementor-top-column elementor-element elementor-element-05418a4\" data-id=\"05418a4\" data-element_type=\"column\" data-e-type=\"column\">\n\t\t\t<div class=\"elementor-widget-wrap elementor-element-populated\">\n\t\t\t\t\t\t<div class=\"elementor-element elementor-element-71a7e00 elementor-widget elementor-widget-wpzoom-elementor-addons-team-members\" data-id=\"71a7e00\" data-element_type=\"widget\" data-e-type=\"widget\" data-widget_type=\"wpzoom-elementor-addons-team-members.default\">\n\t\t\t\t<div class=\"elementor-widget-container\">\n\t\t\t\t\t\n\t\t\t\t\t<figure class=\"wpz-member-figure\">\n\t\t\t\t<img loading=\"lazy\" decoding=\"async\" width=\"300\" height=\"300\" src=\"https:\/\/courage-buendnis.de\/wp-content\/uploads\/2022\/08\/CBK_Logokachel_Silke_Gorges_neu_Claim-300x300.png\" class=\"elementor-animation-disable-animation attachment-medium size-medium wp-image-7624\" alt=\"\" srcset=\"https:\/\/courage-buendnis.de\/wp-content\/uploads\/2022\/08\/CBK_Logokachel_Silke_Gorges_neu_Claim.png 300w, https:\/\/courage-buendnis.de\/wp-content\/uploads\/2022\/08\/CBK_Logokachel_Silke_Gorges_neu_Claim-150x150.png 150w\" sizes=\"100vw\" \/>\t\t\t<\/figure>\n\t\t\n\t\t<div class=\"wpz-member-body\">\n\t\t\t<h2 class=\"wpz-member-name\">Silke Gorges, <br> Stark durchs Leben<\/h2>\n\t\t\t\n\t\t\t\t\t\t\t<div class=\"wpz-member-bio\">\n\t\t\t\t\t<p>Ideengeberin und Mitbegr\u00fcnderin des Courage-B\u00fcndnis.\n\nTrainerin f\u00fcr Zivilcourage, respektvolles Miteinander, Gewaltpr\u00e4vention und Antidiskriminierung,  Fachkraft Beccaria-Kriminalpr\u00e4vention des Landes RLP. Ehrenamtliches Engagement f\u00fcr Zivilcourage als Vorstand im Bundesnetzwerk Zivilcourage, Teil des Zivilcourage Netzwerkes Rheinland-Pfalz, sowie Ansprechperson und Projektkoordinatorin dieses Courage-B\u00fcndnis.\u200b<\/p>\n\t\t\t\t<\/div>\n\t\t\t\n\t\t\t\n\t\t\t\t\t\t\t<div class=\"wpz-member-links\">\n\t\t\t\t\t<a target=\"_blank\" rel=\"noopener\" href=\"https:\/\/www.facebook.com\/gorges.silke\" class=\"elementor-repeater-item-76e5fd7\"><i class=\"fa-facebook fab\" aria-hidden=\"true\"><\/i><\/a><a target=\"_blank\" rel=\"noopener\" href=\"https:\/\/www.linkedin.com\/in\/silke-gorges-35853a89\/?trk=profile-badge&#038;originalSubdomain=de\" class=\"elementor-repeater-item-38c0b87\"><i class=\"fa-linkedin fab\" aria-hidden=\"true\"><\/i><\/a>\t\t\t\t<\/div>\n\t\t\t\n\t\t\t<a class=\"ha-btn ha-btn--link\" href=\"https:\/\/www.starkdurchsleben.de\/\" target=\"_blank\"><span class=\"ha-btn-text\">Webseite<\/span><\/a>\t\t<\/div>\n\t\t\t\t\t\t<\/div>\n\t\t\t\t<\/div>\n\t\t\t\t\t<\/div>\n\t\t<\/div>\n\t\t\t\t<div class=\"elementor-column elementor-col-25 elementor-top-column elementor-element elementor-element-be58a95\" data-id=\"be58a95\" data-element_type=\"column\" data-e-type=\"column\">\n\t\t\t<div class=\"elementor-widget-wrap elementor-element-populated\">\n\t\t\t\t\t\t<div class=\"elementor-element elementor-element-79409d9 elementor-widget elementor-widget-wpzoom-elementor-addons-team-members\" data-id=\"79409d9\" data-element_type=\"widget\" data-e-type=\"widget\" data-widget_type=\"wpzoom-elementor-addons-team-members.default\">\n\t\t\t\t<div class=\"elementor-widget-container\">\n\t\t\t\t\t\n\t\t\t\t\t<figure class=\"wpz-member-figure\">\n\t\t\t\t<img loading=\"lazy\" decoding=\"async\" width=\"300\" height=\"300\" src=\"https:\/\/courage-buendnis.de\/wp-content\/uploads\/2022\/05\/CBK_Logokachel_Gleichstellungsstelle_KL-300x300.png\" class=\"elementor-animation-disable-animation attachment-medium size-medium wp-image-6879\" alt=\"\" srcset=\"https:\/\/courage-buendnis.de\/wp-content\/uploads\/2022\/05\/CBK_Logokachel_Gleichstellungsstelle_KL.png 300w, https:\/\/courage-buendnis.de\/wp-content\/uploads\/2022\/05\/CBK_Logokachel_Gleichstellungsstelle_KL-150x150.png 150w\" sizes=\"100vw\" \/>\t\t\t<\/figure>\n\t\t\n\t\t<div class=\"wpz-member-body\">\n\t\t\t<h2 class=\"wpz-member-name\">Gleichstellungsstelle, Stadt KL<\/h2>\n\t\t\t\n\t\t\t\t\t\t\t<div class=\"wpz-member-bio\">\n\t\t\t\t\t<p>Die Gleichstellungsstelle Kaiserslautern setzt sich daf\u00fcr ein, dass niemand aufgrund seines Geschlechts diskriminiert wird. Ihr Ziel ist ein geschlechtergerechtes Miteinander im gesellschaftlichen Leben, im Beruf, in der Partnerschaft und in der Familie. Ein besonderer Fokus liegt dabei auf der Bek\u00e4mpfung von Gewalt an Frauen und M\u00e4dchen.\nDie Grundlage ihrer Arbeit ist der Artikel 3, Abs. 2, Grundgesetz: \u201eM\u00e4nner und Frauen sind gleichberechtigt\u201c.<\/p>\n\t\t\t\t<\/div>\n\t\t\t\n\t\t\t\n\t\t\t\n\t\t\t<a class=\"ha-btn ha-btn--link\" href=\"https:\/\/www.kaiserslautern.de\/sozial_leben_wohnen\/soziales_und_gesellschaft\/frauen\/gleichstellungsstelle\/index.html.de\" target=\"_blank\"><span class=\"ha-btn-text\">Webseite<\/span><\/a>\t\t<\/div>\n\t\t\t\t\t\t<\/div>\n\t\t\t\t<\/div>\n\t\t\t\t\t<\/div>\n\t\t<\/div>\n\t\t\t\t<div class=\"elementor-column elementor-col-25 elementor-top-column elementor-element elementor-element-a343183\" data-id=\"a343183\" data-element_type=\"column\" data-e-type=\"column\">\n\t\t\t<div class=\"elementor-widget-wrap elementor-element-populated\">\n\t\t\t\t\t\t<div class=\"elementor-element elementor-element-669ed96 elementor-widget elementor-widget-wpzoom-elementor-addons-team-members\" data-id=\"669ed96\" data-element_type=\"widget\" data-e-type=\"widget\" data-widget_type=\"wpzoom-elementor-addons-team-members.default\">\n\t\t\t\t<div class=\"elementor-widget-container\">\n\t\t\t\t\t\n\t\t\t\t\t<figure class=\"wpz-member-figure\">\n\t\t\t\t<img loading=\"lazy\" decoding=\"async\" width=\"300\" height=\"300\" src=\"https:\/\/courage-buendnis.de\/wp-content\/uploads\/2024\/06\/Logo-Pam-Moritz-300x300.png\" class=\"elementor-animation-disable-animation attachment-medium size-medium wp-image-7814\" alt=\"\" srcset=\"https:\/\/courage-buendnis.de\/wp-content\/uploads\/2024\/06\/Logo-Pam-Moritz-300x300.png 300w, https:\/\/courage-buendnis.de\/wp-content\/uploads\/2024\/06\/Logo-Pam-Moritz-1024x1024.png 1024w, https:\/\/courage-buendnis.de\/wp-content\/uploads\/2024\/06\/Logo-Pam-Moritz-150x150.png 150w, https:\/\/courage-buendnis.de\/wp-content\/uploads\/2024\/06\/Logo-Pam-Moritz-768x768.png 768w, https:\/\/courage-buendnis.de\/wp-content\/uploads\/2024\/06\/Logo-Pam-Moritz.png 1080w\" sizes=\"100vw\" \/>\t\t\t<\/figure>\n\t\t\n\t\t<div class=\"wpz-member-body\">\n\t\t\t<h2 class=\"wpz-member-name\">Politik attraktiver machen<\/h2>\n\t\t\t\n\t\t\t\t\t\t\t<div class=\"wpz-member-bio\">\n\t\t\t\t\t<p>Seit Februar 2019 verfolgt die rheinland-pf\u00e4lzische\nInitiative das Ziel, jungen Menschen Politik nahbarer, einfacher und vor allem\nattraktiver zu machen. Dies geschieht in mehreren Projekten, Einzel- und\nGruppenberatungen und eingerichteten Arbeitsgemeinschaften. Auch eine eigene\nPilotschule gibt es ab dem Schuljahr 2024\/2025.\nMoritz Behncke, Mitinitiator des Courage B\u00fcndnis gr\u00fcndete die Initiative im Rahmen eines Schulprojektes im Laufe seiner Schullaufbahn.\n\n<\/p>\n\t\t\t\t<\/div>\n\t\t\t\n\t\t\t\n\t\t\t\n\t\t\t<a class=\"ha-btn ha-btn--link\" href=\"https:\/\/www.pam-rlp.de\/\" target=\"_blank\"><span class=\"ha-btn-text\">Webseite<\/span><\/a>\t\t<\/div>\n\t\t\t\t\t\t<\/div>\n\t\t\t\t<\/div>\n\t\t\t\t\t<\/div>\n\t\t<\/div>\n\t\t\t\t\t<\/div>\n\t\t<\/section>\n\t\t\t\t<section class=\"elementor-section elementor-top-section elementor-element elementor-element-4043c1d elementor-section-boxed elementor-section-height-default elementor-section-height-default\" data-id=\"4043c1d\" data-element_type=\"section\" data-e-type=\"section\" data-settings=\"{&quot;background_background&quot;:&quot;classic&quot;}\">\n\t\t\t\t\t\t<div class=\"elementor-container elementor-column-gap-default\">\n\t\t\t\t\t<div class=\"elementor-column elementor-col-25 elementor-top-column elementor-element elementor-element-75ced89\" data-id=\"75ced89\" data-element_type=\"column\" data-e-type=\"column\">\n\t\t\t<div class=\"elementor-widget-wrap elementor-element-populated\">\n\t\t\t\t\t\t<div class=\"elementor-element elementor-element-c987d43 elementor-widget elementor-widget-wpzoom-elementor-addons-team-members\" data-id=\"c987d43\" data-element_type=\"widget\" data-e-type=\"widget\" data-widget_type=\"wpzoom-elementor-addons-team-members.default\">\n\t\t\t\t<div class=\"elementor-widget-container\">\n\t\t\t\t\t\n\t\t\t\t\t<figure class=\"wpz-member-figure\">\n\t\t\t\t<img loading=\"lazy\" decoding=\"async\" width=\"300\" height=\"300\" src=\"https:\/\/courage-buendnis.de\/wp-content\/uploads\/2022\/08\/CBK_Logokachel_Thomas_Brenner_r-300x300.png\" class=\"elementor-animation-disable-animation attachment-medium size-medium wp-image-7618\" alt=\"\" srcset=\"https:\/\/courage-buendnis.de\/wp-content\/uploads\/2022\/08\/CBK_Logokachel_Thomas_Brenner_r.png 300w, https:\/\/courage-buendnis.de\/wp-content\/uploads\/2022\/08\/CBK_Logokachel_Thomas_Brenner_r-150x150.png 150w\" sizes=\"100vw\" \/>\t\t\t<\/figure>\n\t\t\n\t\t<div class=\"wpz-member-body\">\n\t\t\t<h2 class=\"wpz-member-name\">Thomas Brenner, Photographie<\/h2>\n\t\t\t\n\t\t\t\t\t\t\t<div class=\"wpz-member-bio\">\n\t\t\t\t\t<p>Fotok\u00fcnstler, der immer wieder gesellschaftliche Themen aufgreift und mit vielf\u00e4ltigen Kunstaktionen f\u00fcr Aufmerksamkeit sorgt. So war er der Ideengeber und Initiator f\u00fcr unseren Courage-Kubus, unterst\u00fctzt Schule ohne Rassismus und Schulsozialarbeit mit tollen Projekten. Er hat immer wieder neue Ideen und bringt regelm\u00e4\u00dfig Projekte auf den Weg, die unsere Gesellschaft kritisch beleuchten, sensibilisieren und aufr\u00fctteln sollen.<\/p>\n\t\t\t\t<\/div>\n\t\t\t\n\t\t\t\n\t\t\t\n\t\t\t<a class=\"ha-btn ha-btn--link\" href=\"https:\/\/brenner-photographie.com\/\" target=\"_blank\"><span class=\"ha-btn-text\">Webseite<\/span><\/a>\t\t<\/div>\n\t\t\t\t\t\t<\/div>\n\t\t\t\t<\/div>\n\t\t\t\t\t<\/div>\n\t\t<\/div>\n\t\t\t\t<div class=\"elementor-column elementor-col-25 elementor-top-column elementor-element elementor-element-0f7c747\" data-id=\"0f7c747\" data-element_type=\"column\" data-e-type=\"column\">\n\t\t\t<div class=\"elementor-widget-wrap elementor-element-populated\">\n\t\t\t\t\t\t<div class=\"elementor-element elementor-element-cf1a640 elementor-widget elementor-widget-wpzoom-elementor-addons-team-members\" data-id=\"cf1a640\" data-element_type=\"widget\" data-e-type=\"widget\" data-widget_type=\"wpzoom-elementor-addons-team-members.default\">\n\t\t\t\t<div class=\"elementor-widget-container\">\n\t\t\t\t\t\n\t\t\t\t\t<figure class=\"wpz-member-figure\">\n\t\t\t\t<img loading=\"lazy\" decoding=\"async\" width=\"300\" height=\"300\" src=\"https:\/\/courage-buendnis.de\/wp-content\/uploads\/2022\/05\/CBK_Logokachel_lauterjungs-und-maedels-1-300x300.png\" class=\"elementor-animation-disable-animation attachment-medium size-medium wp-image-6703\" alt=\"\" srcset=\"https:\/\/courage-buendnis.de\/wp-content\/uploads\/2022\/05\/CBK_Logokachel_lauterjungs-und-maedels-1.png 300w, https:\/\/courage-buendnis.de\/wp-content\/uploads\/2022\/05\/CBK_Logokachel_lauterjungs-und-maedels-1-150x150.png 150w\" sizes=\"100vw\" \/>\t\t\t<\/figure>\n\t\t\n\t\t<div class=\"wpz-member-body\">\n\t\t\t<h2 class=\"wpz-member-name\">lauterjungs <br>und -m\u00e4dels e.V.<\/h2>\n\t\t\t\n\t\t\t\t\t\t\t<div class=\"wpz-member-bio\">\n\t\t\t\t\t<p>Hier wird in K\u00fcrze noch ein kurzer Vorstellungstext stehen.<\/p>\n\t\t\t\t<\/div>\n\t\t\t\n\t\t\t\n\t\t\t\n\t\t\t<a class=\"ha-btn ha-btn--link\" href=\"https:\/\/lauterjungs.de\/\" target=\"_blank\"><span class=\"ha-btn-text\">Webseite<\/span><\/a>\t\t<\/div>\n\t\t\t\t\t\t<\/div>\n\t\t\t\t<\/div>\n\t\t\t\t\t<\/div>\n\t\t<\/div>\n\t\t\t\t<div class=\"elementor-column elementor-col-25 elementor-top-column elementor-element elementor-element-ebcbdd2\" data-id=\"ebcbdd2\" data-element_type=\"column\" data-e-type=\"column\">\n\t\t\t<div class=\"elementor-widget-wrap elementor-element-populated\">\n\t\t\t\t\t\t<div class=\"elementor-element elementor-element-f8ba172 elementor-widget elementor-widget-wpzoom-elementor-addons-team-members\" data-id=\"f8ba172\" data-element_type=\"widget\" data-e-type=\"widget\" data-widget_type=\"wpzoom-elementor-addons-team-members.default\">\n\t\t\t\t<div class=\"elementor-widget-container\">\n\t\t\t\t\t\n\t\t\t\t\t<figure class=\"wpz-member-figure\">\n\t\t\t\t<img loading=\"lazy\" decoding=\"async\" width=\"300\" height=\"300\" src=\"https:\/\/courage-buendnis.de\/wp-content\/uploads\/2022\/05\/CBK_Logokachel_Platzhalter_hellrot-300x300.png\" class=\"elementor-animation-disable-animation attachment-medium size-medium wp-image-6724\" alt=\"\" srcset=\"https:\/\/courage-buendnis.de\/wp-content\/uploads\/2022\/05\/CBK_Logokachel_Platzhalter_hellrot.png 300w, https:\/\/courage-buendnis.de\/wp-content\/uploads\/2022\/05\/CBK_Logokachel_Platzhalter_hellrot-150x150.png 150w\" sizes=\"100vw\" \/>\t\t\t<\/figure>\n\t\t\n\t\t<div class=\"wpz-member-body\">\n\t\t\t<h2 class=\"wpz-member-name\">Streetworker <br>der Stadt KL<\/h2>\n\t\t\t\n\t\t\t\t\t\t\t<div class=\"wpz-member-bio\">\n\t\t\t\t\t<p>Hier wird in K\u00fcrze noch ein kurzer Vorstellungstext stehen.<\/p>\n\t\t\t\t<\/div>\n\t\t\t\n\t\t\t\n\t\t\t\n\t\t\t<a class=\"ha-btn ha-btn--link\"><span class=\"ha-btn-text\">Webseite<\/span><\/a>\t\t<\/div>\n\t\t\t\t\t\t<\/div>\n\t\t\t\t<\/div>\n\t\t\t\t\t<\/div>\n\t\t<\/div>\n\t\t\t\t<div class=\"elementor-column elementor-col-25 elementor-top-column elementor-element elementor-element-d429d66\" data-id=\"d429d66\" data-element_type=\"column\" data-e-type=\"column\">\n\t\t\t<div class=\"elementor-widget-wrap\">\n\t\t\t\t\t\t\t<\/div>\n\t\t<\/div>\n\t\t\t\t\t<\/div>\n\t\t<\/section>\n\t\t\t\t<section class=\"elementor-section elementor-top-section elementor-element elementor-element-3fb7fb2 elementor-section-boxed elementor-section-height-default elementor-section-height-default\" data-id=\"3fb7fb2\" data-element_type=\"section\" data-e-type=\"section\" data-settings=\"{&quot;background_background&quot;:&quot;classic&quot;}\">\n\t\t\t\t\t\t<div class=\"elementor-container elementor-column-gap-default\">\n\t\t\t\t\t<div class=\"elementor-column elementor-col-100 elementor-top-column elementor-element elementor-element-7470a27\" data-id=\"7470a27\" data-element_type=\"column\" data-e-type=\"column\">\n\t\t\t<div class=\"elementor-widget-wrap elementor-element-populated\">\n\t\t\t\t\t\t<div class=\"elementor-element elementor-element-5f54462 elementor-widget elementor-widget-spacer\" data-id=\"5f54462\" data-element_type=\"widget\" data-e-type=\"widget\" data-widget_type=\"spacer.default\">\n\t\t\t\t<div class=\"elementor-widget-container\">\n\t\t\t\t\t\t\t<div class=\"elementor-spacer\">\n\t\t\t<div class=\"elementor-spacer-inner\"><\/div>\n\t\t<\/div>\n\t\t\t\t\t\t<\/div>\n\t\t\t\t<\/div>\n\t\t\t\t\t<\/div>\n\t\t<\/div>\n\t\t\t\t\t<\/div>\n\t\t<\/section>\n\t\t\t\t<section class=\"elementor-section elementor-top-section elementor-element elementor-element-72fed30 elementor-section-boxed elementor-section-height-default elementor-section-height-default\" data-id=\"72fed30\" data-element_type=\"section\" data-e-type=\"section\" data-settings=\"{&quot;background_background&quot;:&quot;classic&quot;}\">\n\t\t\t\t\t\t<div class=\"elementor-container elementor-column-gap-default\">\n\t\t\t\t\t<div class=\"elementor-column elementor-col-100 elementor-top-column elementor-element elementor-element-c1e4923\" data-id=\"c1e4923\" data-element_type=\"column\" data-e-type=\"column\">\n\t\t\t<div class=\"elementor-widget-wrap elementor-element-populated\">\n\t\t\t\t\t\t<div class=\"elementor-element elementor-element-b9d7281 elementor-widget elementor-widget-spacer\" data-id=\"b9d7281\" data-element_type=\"widget\" data-e-type=\"widget\" data-widget_type=\"spacer.default\">\n\t\t\t\t<div class=\"elementor-widget-container\">\n\t\t\t\t\t\t\t<div class=\"elementor-spacer\">\n\t\t\t<div class=\"elementor-spacer-inner\"><\/div>\n\t\t<\/div>\n\t\t\t\t\t\t<\/div>\n\t\t\t\t<\/div>\n\t\t\t\t\t<\/div>\n\t\t<\/div>\n\t\t\t\t\t<\/div>\n\t\t<\/section>\n\t\t\t\t<section class=\"elementor-section elementor-top-section elementor-element elementor-element-2e07014 elementor-section-boxed elementor-section-height-default elementor-section-height-default\" data-id=\"2e07014\" data-element_type=\"section\" data-e-type=\"section\">\n\t\t\t\t\t\t<div class=\"elementor-container elementor-column-gap-default\">\n\t\t\t\t\t<div class=\"elementor-column elementor-col-100 elementor-top-column elementor-element elementor-element-e757249\" data-id=\"e757249\" data-element_type=\"column\" data-e-type=\"column\">\n\t\t\t<div class=\"elementor-widget-wrap elementor-element-populated\">\n\t\t\t\t\t\t<div class=\"elementor-element elementor-element-324b93f elementor-widget elementor-widget-spacer\" data-id=\"324b93f\" data-element_type=\"widget\" data-e-type=\"widget\" data-widget_type=\"spacer.default\">\n\t\t\t\t<div class=\"elementor-widget-container\">\n\t\t\t\t\t\t\t<div class=\"elementor-spacer\">\n\t\t\t<div class=\"elementor-spacer-inner\"><\/div>\n\t\t<\/div>\n\t\t\t\t\t\t<\/div>\n\t\t\t\t<\/div>\n\t\t\t\t<div class=\"elementor-element elementor-element-a5bf2ce elementor-widget elementor-widget-heading\" data-id=\"a5bf2ce\" data-element_type=\"widget\" data-e-type=\"widget\" data-widget_type=\"heading.default\">\n\t\t\t\t<div class=\"elementor-widget-container\">\n\t\t\t\t\t<h2 class=\"elementor-heading-title elementor-size-default\">Im Gedenken an<\/h2>\t\t\t\t<\/div>\n\t\t\t\t<\/div>\n\t\t\t\t\t<\/div>\n\t\t<\/div>\n\t\t\t\t\t<\/div>\n\t\t<\/section>\n\t\t\t\t<section class=\"elementor-section elementor-top-section elementor-element elementor-element-6ca6c3f elementor-section-boxed elementor-section-height-default elementor-section-height-default\" data-id=\"6ca6c3f\" data-element_type=\"section\" data-e-type=\"section\">\n\t\t\t\t\t\t<div class=\"elementor-container elementor-column-gap-default\">\n\t\t\t\t\t<div class=\"elementor-column elementor-col-100 elementor-top-column elementor-element elementor-element-28f4f5c\" data-id=\"28f4f5c\" data-element_type=\"column\" data-e-type=\"column\">\n\t\t\t<div class=\"elementor-widget-wrap elementor-element-populated\">\n\t\t\t\t\t\t<div class=\"elementor-element elementor-element-ee36d24 elementor-widget elementor-widget-image\" data-id=\"ee36d24\" data-element_type=\"widget\" data-e-type=\"widget\" data-widget_type=\"image.default\">\n\t\t\t\t<div class=\"elementor-widget-container\">\n\t\t\t\t\t\t\t\t\t\t\t\t\t\t\t<img loading=\"lazy\" decoding=\"async\" width=\"300\" height=\"209\" src=\"https:\/\/courage-buendnis.de\/wp-content\/uploads\/2022\/05\/Foto-Detlev-Besier-300x209.jpg\" class=\"attachment-medium size-medium wp-image-7255\" alt=\"\" srcset=\"https:\/\/courage-buendnis.de\/wp-content\/uploads\/2022\/05\/Foto-Detlev-Besier-300x209.jpg 300w, https:\/\/courage-buendnis.de\/wp-content\/uploads\/2022\/05\/Foto-Detlev-Besier-768x535.jpg 768w, https:\/\/courage-buendnis.de\/wp-content\/uploads\/2022\/05\/Foto-Detlev-Besier.jpg 800w\" sizes=\"100vw\" \/>\t\t\t\t\t\t\t\t\t\t\t\t\t\t\t<\/div>\n\t\t\t\t<\/div>\n\t\t\t\t\t<\/div>\n\t\t<\/div>\n\t\t\t\t\t<\/div>\n\t\t<\/section>\n\t\t\t\t<section class=\"elementor-section elementor-top-section elementor-element elementor-element-939b833 elementor-section-boxed elementor-section-height-default elementor-section-height-default\" data-id=\"939b833\" data-element_type=\"section\" data-e-type=\"section\">\n\t\t\t\t\t\t<div class=\"elementor-container elementor-column-gap-default\">\n\t\t\t\t\t<div class=\"elementor-column elementor-col-100 elementor-top-column elementor-element elementor-element-6fd790e\" data-id=\"6fd790e\" data-element_type=\"column\" data-e-type=\"column\">\n\t\t\t<div class=\"elementor-widget-wrap elementor-element-populated\">\n\t\t\t\t\t\t<div class=\"elementor-element elementor-element-056ad11 elementor-widget elementor-widget-spacer\" data-id=\"056ad11\" data-element_type=\"widget\" data-e-type=\"widget\" data-widget_type=\"spacer.default\">\n\t\t\t\t<div class=\"elementor-widget-container\">\n\t\t\t\t\t\t\t<div class=\"elementor-spacer\">\n\t\t\t<div class=\"elementor-spacer-inner\"><\/div>\n\t\t<\/div>\n\t\t\t\t\t\t<\/div>\n\t\t\t\t<\/div>\n\t\t\t\t\t<\/div>\n\t\t<\/div>\n\t\t\t\t\t<\/div>\n\t\t<\/section>\n\t\t\t\t<section class=\"elementor-section elementor-top-section elementor-element elementor-element-8d7222a elementor-section-boxed elementor-section-height-default elementor-section-height-default\" data-id=\"8d7222a\" data-element_type=\"section\" data-e-type=\"section\">\n\t\t\t\t\t\t<div class=\"elementor-container elementor-column-gap-default\">\n\t\t\t\t\t<div class=\"elementor-column elementor-col-100 elementor-top-column elementor-element elementor-element-7ebd016\" data-id=\"7ebd016\" data-element_type=\"column\" data-e-type=\"column\">\n\t\t\t<div class=\"elementor-widget-wrap elementor-element-populated\">\n\t\t\t\t\t\t<div class=\"elementor-element elementor-element-8f974ef elementor-widget elementor-widget-text-editor\" data-id=\"8f974ef\" data-element_type=\"widget\" data-e-type=\"widget\" data-widget_type=\"text-editor.default\">\n\t\t\t\t<div class=\"elementor-widget-container\">\n\t\t\t\t\t\t\t\t\t<p><strong>DETLEV BESIER (1959\u20132022)<br \/><\/strong><\/p><p>Friedenspfarrer Kaiserslautern<\/p><p>Detlev war Mitbegr\u00fcnder des Courage-B\u00fcndnis und Teil von uns.<\/p><p>Er war ein tatkr\u00e4ftiger Impulsgeber und mutiger Vorantreiber, der sich immer f\u00fcr die Zusammenarbeit unterschiedlicher Menschen und Institutionen eingesetzt hat. Seine warmherzige, besonnene und gewinnbringende Art, kombiniert mit seinem unerm\u00fcdlichen Einsatz f\u00fcr ein friedliches, tolerantes und respektvolles Miteinander waren sehr besonders.<\/p><p>Wir werden uns in seinem Sinne weiter engagieren und seine Arbeit fortsetzen.<\/p><p>Lieber Detlev, du fehlst!<\/p>\t\t\t\t\t\t\t\t<\/div>\n\t\t\t\t<\/div>\n\t\t\t\t<div class=\"elementor-element elementor-element-158c824 elementor-widget elementor-widget-spacer\" data-id=\"158c824\" data-element_type=\"widget\" data-e-type=\"widget\" data-widget_type=\"spacer.default\">\n\t\t\t\t<div class=\"elementor-widget-container\">\n\t\t\t\t\t\t\t<div class=\"elementor-spacer\">\n\t\t\t<div class=\"elementor-spacer-inner\"><\/div>\n\t\t<\/div>\n\t\t\t\t\t\t<\/div>\n\t\t\t\t<\/div>\n\t\t\t\t\t<\/div>\n\t\t<\/div>\n\t\t\t\t\t<\/div>\n\t\t<\/section>\n\t\t\t\t<\/div>\n\t\t","protected":false},"excerpt":{"rendered":"<p>Jugendparlament der Stadt KL Das Jugendparlament ist die direkte Interessenvertretung aller jungen Menschen in der Stadt Kaiserslautern. Aktuell setzt es sich aus 18 Jugendlichen zusammen. \u00dcber ein Delegationsverfahren entsenden alle weiterf\u00fchrenden Schulen in Kaiserslautern mindestens eine und maximal vier Personen. Das JuPa hat die Aufgabe, sich f\u00fcr die Interessen und Bed\u00fcrfnisse m\u00f6glichst aller jungen Menschen &hellip; <\/p>\n<p class=\"link-more\"><a href=\"https:\/\/courage-buendnis.de\/index.php\/mitwirkende\/\" class=\"more-link\">Mehr <span class=\"screen-reader-text\">\u00fcber &#8222;Mitwirkende&#8220; <\/span>Lesen<\/a><\/p>\n","protected":false},"author":1,"featured_media":0,"parent":0,"menu_order":0,"comment_status":"closed","ping_status":"closed","template":"page-templates\/full-width-builder-bb.php","meta":{"inspiro_hide_title":false,"footnotes":""},"class_list":["post-5574","page","type-page","status-publish","hentry"],"_links":{"self":[{"href":"https:\/\/courage-buendnis.de\/index.php\/wp-json\/wp\/v2\/pages\/5574","targetHints":{"allow":["GET"]}}],"collection":[{"href":"https:\/\/courage-buendnis.de\/index.php\/wp-json\/wp\/v2\/pages"}],"about":[{"href":"https:\/\/courage-buendnis.de\/index.php\/wp-json\/wp\/v2\/types\/page"}],"author":[{"embeddable":true,"href":"https:\/\/courage-buendnis.de\/index.php\/wp-json\/wp\/v2\/users\/1"}],"replies":[{"embeddable":true,"href":"https:\/\/courage-buendnis.de\/index.php\/wp-json\/wp\/v2\/comments?post=5574"}],"version-history":[{"count":221,"href":"https:\/\/courage-buendnis.de\/index.php\/wp-json\/wp\/v2\/pages\/5574\/revisions"}],"predecessor-version":[{"id":7822,"href":"https:\/\/courage-buendnis.de\/index.php\/wp-json\/wp\/v2\/pages\/5574\/revisions\/7822"}],"wp:attachment":[{"href":"https:\/\/courage-buendnis.de\/index.php\/wp-json\/wp\/v2\/media?parent=5574"}],"curies":[{"name":"wp","href":"https:\/\/api.w.org\/{rel}","templated":true}]}}